{"id":805,"date":"2025-05-27T12:25:26","date_gmt":"2025-05-27T10:25:26","guid":{"rendered":"https:\/\/www.sleepexpert.ch\/mise-en-oeuvre\/"},"modified":"2025-09-06T12:18:14","modified_gmt":"2025-09-06T10:18:14","slug":"mise-en-oeuvre","status":"publish","type":"page","link":"https:\/\/www.sleepexpert.ch\/fr\/mise-en-oeuvre\/","title":{"rendered":"Mise en \u0153uvre"},"content":{"rendered":"<h2>D\u00e9pis\u00adta\u00adge<\/h2>\n<p>Il est recom\u00adman\u00add\u00e9 de d\u00e9pister\/d\u2019identifier l\u2019insomnie chez des patient\u00b7e\u00b7s dans dif\u00adf\u00e9r\u00adents con\u00adtex\u00adtes de trai\u00adte\u00adment \u00e0 l\u2019aide du que\u00adsti\u00adon\u00adn\u00adaire <a href=\"https:\/\/www.sleepexpert.ch\/fr\/faq\/#faq-ISI\">d\u2019Index de S\u00e9v\u00e9\u00adri\u00adt\u00e9 de l\u2019Insomnie (ISI)<\/a>. Un score total \u2265 8 \u00e0 l\u2019ISI indi\u00adque un trou\u00adble de l\u2019insomnie cli\u00adni\u00adquement per\u00adti\u00adnent, justi\u00adfi\u00adant une \u00e9va\u00adlua\u00adti\u00adon m\u00e9di\u00adcale appro\u00adfon\u00addie. Cet\u00adte \u00e9va\u00adlua\u00adti\u00adon cli\u00adni\u00adque peut diver\u00adger d\u2019une inter\u00adpr\u00e9\u00adta\u00adti\u00adon stric\u00adte\u00adment bas\u00e9e sur le score total de l\u2019ISI.<\/p>\n<h2>Indi\u00adca\u00adti\u00adon<\/h2>\n<p>L\u2019indication \u00e0 par\u00adti\u00adci\u00adper au pro\u00adgram\u00adme de trai\u00adte\u00adment doit \u00eatre pos\u00e9e avec la pr\u00e9\u00adsence d\u2019un\u00b7e m\u00e9de\u00adcin afin de garan\u00adtir une \u00e9va\u00adlua\u00adti\u00adon dia\u00adgno\u00adstique dif\u00adf\u00e9\u00adren\u00adti\u00adel\u00adle ad\u00e9\u00adqua\u00adte.<\/p>\n<h3>Crit\u00e8res d\u2019inclusion<\/h3>\n<ul>\n<li>Le\u00b7la patient\u00b7e rap\u00adpor\u00adte des dif\u00adfi\u00adcul\u00adt\u00e9s d\u2019endormissement, des \u00e9veils noc\u00adturnes ou une mau\u00advai\u00adse qua\u00adli\u00adt\u00e9 de som\u00admeil ayant un impact sur la qua\u00adli\u00adt\u00e9 de vie.<\/li>\n<li>En r\u00e8g\u00adle g\u00e9n\u00e9\u00adra\u00adle, les crit\u00e8res <a href=\"https:\/\/www.sleepexpert.ch\/fr\/faq\/#faq-diagnose\">dia\u00adgno\u00adsti\u00adques d\u2019un trou\u00adble de l\u2019insomnie<\/a> sont rem\u00adp\u00adlis \u2013 avec plu\u00adsieurs nuits de mau\u00advais som\u00admeil par semaine sur une dur\u00e9e de 3 mois mini\u00admum. Selon l\u2019\u00e9valuation cli\u00adni\u00adque, une d\u00e9fi\u00adni\u00adti\u00adon moins stric\u00adte peut \u00eatre rete\u00adnue.<\/li>\n<\/ul>\n<h3>Crit\u00e8res d\u2019exclusion<\/h3>\n<ul>\n<li>Une s\u00e9v\u00e9\u00adri\u00adt\u00e9 sym\u00adpto\u00adma\u00adtique emp\u00eachant la par\u00adti\u00adci\u00adpa\u00adti\u00adon au pro\u00adgram\u00adme, com\u00adme par exemp\u00adle des trou\u00adbles cogni\u00adtifs s\u00e9v\u00e8\u00adres ou une into\u00adxi\u00adca\u00adti\u00adon aigu\u00eb \u00e0 diver\u00adses sub\u00adstances (alcool, dro\u00adgues, m\u00e9di\u00adca\u00admens).<\/li>\n<\/ul>\n<p>SLEEP\u00adex\u00adpert appli\u00adque volon\u00adtai\u00adre\u00adment des crit\u00e8res d\u2019exclusion mini\u00admaux&nbsp;; \u00e0 savoir que &nbsp;la pr\u00e9\u00adsence de com\u00ador\u00adbi\u00addi\u00adt\u00e9s ou la pri\u00adse de m\u00e9di\u00adca\u00adments ne con\u00adsti\u00adtue pas un crit\u00e8re d\u2019exclusion.<\/p>\n<h2>Le pro\u00adgram\u00adme de trai\u00adte\u00adment est struc\u00adtu\u00adr\u00e9 en trois pha\u00adses.<\/h2>\n<h3>1. Intro\u00adduc\u00adtion (s\u00e9an\u00adce de lance\u00adment)<\/h3>\n<p>Apr\u00e8s l\u2019\u00e9tablissement de l\u2019indication, les patient\u00b7e\u00b7s par\u00adti\u00adci\u00adpent \u00e0 une s\u00e9an\u00adce de lance\u00adment du pro\u00adgram\u00adme SLEEP\u00adex\u00adpert (<a href=\"https:\/\/www.sleepexpert.ch\/fr\/documents\/\">pr\u00e9\u00adsen\u00adta\u00adti\u00adon \u00ab&nbsp;Kick off&nbsp;\u00bb<\/a> ). Au cours de cet\u00adte s\u00e9an\u00adce, qui se d\u00e9roule g\u00e9n\u00e9\u00adra\u00adle\u00adment en grou\u00adpe, un\u00b7e professionnel\u00b7le de san\u00adt\u00e9 (m\u00e9de\u00adcin, psy\u00adcho\u00adlo\u00adgue, ou un aut\u00adre membre de l\u2019\u00e9quipe soignan\u00adte) trans\u00admet aux patient\u00b7e\u00b7s des con\u00adnais\u00adsances de base issues de la th\u00e9\u00adra\u00adpie com\u00adporte\u00admen\u00adta\u00adle appli\u00adca\u00adble au som\u00admeil.<br>\nEn col\u00adla\u00adbo\u00adra\u00adti\u00adon avec les patient\u00b7e\u00b7s, une <a href=\"https:\/\/www.sleepexpert.ch\/fr\/faq\/#faq-schlaffenster\">fen\u00eat\u00adre de som\u00admeil<\/a> individuelle\/personnalis\u00e9e est d\u00e9fi\u00adnie au cours de cet\u00adte s\u00e9an\u00adce, per\u00admet\u00adtant d\u2019adapter la dur\u00e9e pas\u00ads\u00e9e au lit au temps de som\u00admeil rap\u00adpor\u00adt\u00e9. Cet\u00adte fen\u00eat\u00adre de som\u00admeil est pre\u00adscri\u00adte et con\u00adsi\u00adgn\u00e9e dans le syst\u00e8me de docu\u00admen\u00adta\u00adti\u00adon m\u00e9di\u00adcale.<br>\n\u00c0 par\u00adtir de ce moment, les patient\u00b7e\u00b7s tien\u00adnent un <a href=\"https:\/\/www.sleepexpert.ch\/fr\/documents\/\">agen\u00adda du som\u00admeil<\/a> et sont invit\u00e9\u00b7e\u00b7s \u00e0 respec\u00adter leur fen\u00eat\u00adre de som\u00admeil.<\/p>\n<h3>2. Auto\u00adge\u00adsti\u00adon avec le sou\u00adti\u00aden de l\u2019\u00e9quipe soignan\u00adte<\/h3>\n<p>Les patient\u00b7e\u00b7s sont accompagn\u00e9\u00b7e\u00b7s par l\u2019\u00e9quipe soignan\u00adte dans la mise en \u0153uvre de leur fen\u00eat\u00adre de som\u00admeil individuelle\/personnalis\u00e9e. Le pro\u00adto\u00adco\u00adle de <a href=\"https:\/\/www.sleepexpert.ch\/fr\/documents\/\">coa\u00adching <\/a> peut \u00eatre uti\u00adli\u00ads\u00e9 \u00e0 cet effet. Le temps pas\u00ads\u00e9 au lit doit \u00eatre aju\u00ads\u00adt\u00e9 aus\u00adsi pr\u00e9\u00adcis\u00ad\u00e9\u00adment que pos\u00adsi\u00adble au temps de som\u00admeil rap\u00adpor\u00adt\u00e9. Ces aju\u00adstem\u00adents de la fen\u00eat\u00adre de som\u00admeil peu\u00advent \u00eatre dis\u00adcu\u00adt\u00e9s avec l\u2019\u00e9quipe soignan\u00adte.<br>\nEn cas de bon\u00adne qua\u00adli\u00adt\u00e9 de som\u00admeil, la fen\u00eat\u00adre peut \u00eatre main\u00adte\u00adnue ou allo\u00adn\u00adg\u00e9e&nbsp;; inver\u00adse\u00adment en cas de longues p\u00e9ri\u00adodes d\u2019\u00e9veil au lit, elle est r\u00e9duite.<br>\nLes patient\u00b7e\u00b7s app\u00adren\u00adnent ain\u00adsi \u00e0 mieux con\u00adtr\u00f4\u00adler leur som\u00admeil. La pri\u00adse de m\u00e9di\u00adca\u00adments favo\u00adri\u00adsant le som\u00admeil ou \u00e0 effet s\u00e9da\u00adtif est \u00e9ga\u00adle\u00adment exami\u00adn\u00e9e et r\u00e9dui\u00adre si pos\u00adsi\u00adble (<a href=\"https:\/\/www.sleepexpert.ch\/fr\/documents\/\">M\u00e9di\u00adca\u00adti\u00adon pour favo\u00adri\u00adser le som\u00admeil<\/a>).<\/p>\n<h3>3. Auto\u00adge\u00adsti\u00adon<\/h3>\n<p>Les patient\u00b7e\u00b7s pour\u00adsuivent de mani\u00e8\u00adre auto\u00adno\u00adme l\u2019application de la fen\u00eat\u00adre de som\u00admeil et la tenue de l\u2019agenda du som\u00admeil. Sur la base des infor\u00adma\u00adti\u00adons recu\u00adeil\u00adlies dans l\u2019agenda, ils\u00b7elles peu\u00advent aju\u00adster eux.elles-m\u00eames la fen\u00eat\u00adre de som\u00admeil (l\u2019allonger ou la rac\u00adcour\u00adcir). L\u2019objectif est d\u2019adapter le temps pas\u00ads\u00e9 au lit au temps de som\u00admeil \u00ab r\u00e9el\u00bb de la mani\u00e8\u00adre la plus pr\u00e9\u00adcise pos\u00adsi\u00adble.<br>\nLes patient\u00b7e\u00b7s gagn\u00adent en ma\u00eetri\u00adse sur le con\u00adtr\u00f4\u00adle de leur som\u00admeil, ce qui a des effets posi\u00adtifs sur le sen\u00adti\u00adment d\u2019auto-efficacit\u00e9 ain\u00adsi que sur les aspects cogni\u00adtifs et \u00e9mo\u00adti\u00adon\u00adnels.<\/p>\n<h2>Com\u00adment puis-je, en tant que professionnel\u00b7le de san\u00adt\u00e9, sou\u00adte\u00adnir les patient\u00b7e\u00b7s ?<\/h2>\n<p>Les patient\u00b7e\u00b7s par\u00adti\u00adci\u00adpent \u00e0 une s\u00e9an\u00adce de lance\u00adment pour \u00eatre introduit\u00b7e\u00b7s au pro\u00adgram\u00adme de trai\u00adte\u00adment. Lors de cet\u00adte s\u00e9an\u00adce, une fen\u00eat\u00adre indi\u00advi\u00addu\u00adel\u00adle de som\u00admeil \u2013 \u00e9l\u00e9\u00adment cen\u00adtral du pro\u00adgram\u00adme \u2013 est d\u00e9fi\u00adnie et pre\u00adscri\u00adte. Les pati\u00adents app\u00adren\u00adnent ain\u00adsi \u00e0 mieux con\u00adtr\u00f4\u00adler leur som\u00admeil.<\/p>\n<p>Les \u00e9l\u00e9\u00adments ci-dessous peu\u00advent vous aider \u00e0 accom\u00adpa\u00adgner les patient\u00b7e\u00b7s :<\/p>\n<ul>\n<li>Deman\u00addez quel\u00adle est la fen\u00eat\u00adre de som\u00admeil actu\u00adel\u00adle\u00adment pre\u00adscri\u00adte.<\/li>\n<li>Renseignez-vous sur les heu\u00adres actu\u00adel\u00adles de couch\u00ader et de lever, y com\u00adpris les \u00e9ven\u00adtu\u00adel\u00adles sie\u00adstes.<\/li>\n<li>Inter\u00adro\u00adgez sur le v\u00e9cu sub\u00adjec\u00adtif du som\u00admeil et de l\u2019\u00e9veil.<\/li>\n<li>Il est essen\u00adtiel de pour\u00adsuiv\u00adre la mise en \u0153uvre de la fen\u00eat\u00adre de som\u00admeil. En cas de p\u00e9ri\u00adodes d\u2019\u00e9veil longues et d\u00e9s\u00adag\u00adr\u00e9\u00ada\u00adbles pour le pati\u00adent, celle-ci peut \u00eatre r\u00e9duite (dans la limi\u00adte mini\u00admum de 5 heu\u00adres). En cas de bon som\u00admeil, mais avec une som\u00adno\u00adlence diur\u00adne per\u00adsi\u00adstan\u00adte, elle peut \u00eatre allo\u00adn\u00adg\u00e9e.<\/li>\n<li>Encou\u00adra\u00adgez vot\u00adre patient\u00b7e \u00e0 con\u00adtin\u00aduer de tenir l\u2019agenda du som\u00admeil. Ces infor\u00adma\u00adti\u00adons per\u00admet\u00adtent d\u2019ajuster de fa\u00e7on indi\u00advi\u00addu\u00adel\u00adle la fen\u00eat\u00adre de som\u00admeil pre\u00adscri\u00adte (allo\u00adn\u00adge\u00adment ou rac\u00adcour\u00adcis\u00adse\u00adment).<\/li>\n<li>Dis\u00adcu\u00adtez de la mani\u00e8\u00adre dont le patient\u00b7e peut orga\u00adnis\u00ader le temps lib\u00adre d\u00e9ga\u00adg\u00e9 lorsque la dur\u00e9e au lit est r\u00e9duite.<\/li>\n<li>R\u00e9\u00e9va\u00adluez r\u00e9gu\u00adli\u00e8\u00adre\u00adment le trai\u00adte\u00adment phar\u00adma\u00adco\u00adlo\u00adgi\u00adque favo\u00adri\u00adsant le som\u00admeil et r\u00e9duisez-la si pos\u00adsi\u00adble.<\/li>\n<\/ul>\n<p>Cont\u00adact pour tou\u00adte que\u00adsti\u00adon&nbsp;: <a href=\"mailto:contact@sleepexpert.ch\">contact@sleepexpert.ch<\/a><\/p>\n","protected":false},"excerpt":{"rendered":"<p>D\u00e9pis\u00adta\u00adge Il est recom\u00adman\u00add\u00e9 de d\u00e9pister\/d\u2019identifier l\u2019insomnie chez des patient\u00b7e\u00b7s dans dif\u00adf\u00e9r\u00adents con\u00adtex\u00adtes de trai\u00adte\u00adment \u00e0 l\u2019aide du que\u00adsti\u00adon\u00adn\u00adaire d\u2019Index de S\u00e9v\u00e9\u00adri\u00adt\u00e9 de l\u2019Insomnie (ISI). Un score total \u2265 8 \u00e0 l\u2019ISI indi\u00adque un trou\u00adble de l\u2019insomnie cli\u00adni\u00adquement per\u00adti\u00adnent, justi\u00adfi\u00adant une \u00e9va\u00adlua\u00adti\u00adon m\u00e9di\u00adcale appro\u00adfon\u00addie. Cet\u00adte \u00e9va\u00adlua\u00adti\u00adon cli\u00adni\u00adque peut diver\u00adger d\u2019une inter\u00adpr\u00e9\u00adta\u00adti\u00adon stric\u00adte\u00adment bas\u00e9e sur le [\u2026]<\/p>\n","protected":false},"author":1,"featured_media":0,"parent":0,"menu_order":0,"comment_status":"closed","ping_status":"closed","template":"","meta":{"_acf_changed":false,"wp_typography_post_enhancements_disabled":false,"footnotes":""},"class_list":["post-805","page","type-page","status-publish","hentry"],"acf":[],"_links":{"self":[{"href":"https:\/\/www.sleepexpert.ch\/fr\/wp-json\/wp\/v2\/pages\/805","targetHints":{"allow":["GET"]}}],"collection":[{"href":"https:\/\/www.sleepexpert.ch\/fr\/wp-json\/wp\/v2\/pages"}],"about":[{"href":"https:\/\/www.sleepexpert.ch\/fr\/wp-json\/wp\/v2\/types\/page"}],"author":[{"embeddable":true,"href":"https:\/\/www.sleepexpert.ch\/fr\/wp-json\/wp\/v2\/users\/1"}],"replies":[{"embeddable":true,"href":"https:\/\/www.sleepexpert.ch\/fr\/wp-json\/wp\/v2\/comments?post=805"}],"version-history":[{"count":4,"href":"https:\/\/www.sleepexpert.ch\/fr\/wp-json\/wp\/v2\/pages\/805\/revisions"}],"predecessor-version":[{"id":902,"href":"https:\/\/www.sleepexpert.ch\/fr\/wp-json\/wp\/v2\/pages\/805\/revisions\/902"}],"wp:attachment":[{"href":"https:\/\/www.sleepexpert.ch\/fr\/wp-json\/wp\/v2\/media?parent=805"}],"curies":[{"name":"wp","href":"https:\/\/api.w.org\/{rel}","templated":true}]}}