{"id":781,"date":"2025-05-27T12:24:00","date_gmt":"2025-05-27T10:24:00","guid":{"rendered":"https:\/\/www.sleepexpert.ch\/groupe-cible\/"},"modified":"2026-02-11T18:07:30","modified_gmt":"2026-02-11T17:07:30","slug":"groupe-cible","status":"publish","type":"page","link":"https:\/\/www.sleepexpert.ch\/fr\/groupe-cible\/","title":{"rendered":"Grou\u00adpe cib\u00adle"},"content":{"rendered":"<p>SLEEP\u00adex\u00adpert s\u2019adresse aux patient\u00b7e\u00b7s atteint\u00b7e\u00b7s d\u2019un trou\u00adble de l\u2019insomnie ain\u00adsi qu\u2019aux professionnel\u00b7le\u00b7s de la san\u00adt\u00e9 en milieu cli\u00adni\u00adque.<\/p>\n<p>Il est sp\u00e9\u00adcia\u00adle\u00adment con\u00ad\u00e7u pour les patient\u00b7e\u00b7s pr\u00e9\u00adsen\u00adtant plu\u00adsieurs pro\u00adbl\u00e8\u00admes de san\u00adt\u00e9, notam\u00adment des trou\u00adbles psy\u00adchi\u00adques ou phy\u00adsi\u00adques con\u00adco\u00admi\u00adtants.<\/p>\n<p>Le pro\u00adgram\u00adme est con\u00ad\u00e7u pour \u00eatre mis en \u0153uvre m\u00eame avec des res\u00adsour\u00adces limi\u00adt\u00e9es, aus\u00adsi bien en ambu\u00adla\u00adtoire qu\u2019en h\u00f4pi\u00adtal de jour ou en hos\u00adpi\u00adta\u00adli\u00adsa\u00adti\u00adon.<\/p>\n","protected":false},"excerpt":{"rendered":"<p>SLEEP\u00adex\u00adpert s\u2019adresse aux patient\u00b7e\u00b7s atteint\u00b7e\u00b7s d\u2019un trou\u00adble de l\u2019insomnie ain\u00adsi qu\u2019aux professionnel\u00b7le\u00b7s de la san\u00adt\u00e9 en milieu cli\u00adni\u00adque. Il est sp\u00e9\u00adcia\u00adle\u00adment con\u00ad\u00e7u pour les patient\u00b7e\u00b7s pr\u00e9\u00adsen\u00adtant plu\u00adsieurs pro\u00adbl\u00e8\u00admes de san\u00adt\u00e9, notam\u00adment des trou\u00adbles psy\u00adchi\u00adques ou phy\u00adsi\u00adques con\u00adco\u00admi\u00adtants. Le pro\u00adgram\u00adme est con\u00ad\u00e7u pour \u00eatre mis en \u0153uvre m\u00eame avec des res\u00adsour\u00adces limi\u00adt\u00e9es, aus\u00adsi bien en ambu\u00adla\u00adtoire [\u2026]<\/p>\n","protected":false},"author":1,"featured_media":0,"parent":0,"menu_order":0,"comment_status":"closed","ping_status":"closed","template":"","meta":{"_acf_changed":false,"wp_typography_post_enhancements_disabled":false,"footnotes":""},"class_list":["post-781","page","type-page","status-publish","hentry"],"acf":[],"_links":{"self":[{"href":"https:\/\/www.sleepexpert.ch\/fr\/wp-json\/wp\/v2\/pages\/781","targetHints":{"allow":["GET"]}}],"collection":[{"href":"https:\/\/www.sleepexpert.ch\/fr\/wp-json\/wp\/v2\/pages"}],"about":[{"href":"https:\/\/www.sleepexpert.ch\/fr\/wp-json\/wp\/v2\/types\/page"}],"author":[{"embeddable":true,"href":"https:\/\/www.sleepexpert.ch\/fr\/wp-json\/wp\/v2\/users\/1"}],"replies":[{"embeddable":true,"href":"https:\/\/www.sleepexpert.ch\/fr\/wp-json\/wp\/v2\/comments?post=781"}],"version-history":[{"count":2,"href":"https:\/\/www.sleepexpert.ch\/fr\/wp-json\/wp\/v2\/pages\/781\/revisions"}],"predecessor-version":[{"id":979,"href":"https:\/\/www.sleepexpert.ch\/fr\/wp-json\/wp\/v2\/pages\/781\/revisions\/979"}],"wp:attachment":[{"href":"https:\/\/www.sleepexpert.ch\/fr\/wp-json\/wp\/v2\/media?parent=781"}],"curies":[{"name":"wp","href":"https:\/\/api.w.org\/{rel}","templated":true}]}}