{"id":798,"date":"2025-05-27T17:41:59","date_gmt":"2025-05-27T15:41:59","guid":{"rendered":"https:\/\/www.sleepexpert.ch\/faq\/quelles-sont-les-possibilites-lorsque-des-membres-de-lequipe-nont-pas-le-temps-de-soccuper-des-problemes-de-sommeil-des-patients-2\/"},"modified":"2025-08-19T09:13:46","modified_gmt":"2025-08-19T07:13:46","slug":"quelles-sont-les-possibilites-lorsque-des-membres-de-lequipe-nont-pas-le-temps-de-soccuper-des-problemes-de-sommeil-des-patients-2","status":"publish","type":"faq","link":"https:\/\/www.sleepexpert.ch\/fr\/faq\/quelles-sont-les-possibilites-lorsque-des-membres-de-lequipe-nont-pas-le-temps-de-soccuper-des-problemes-de-sommeil-des-patients-2\/","title":{"rendered":"Quel\u00adles sont les pos\u00adsi\u00adbi\u00adli\u00adt\u00e9s lorsque des mem\u00adbres de l\u2019\u00e9quipe \u00ab n\u2019ont pas le temps \u00bb de s\u2019occuper des pro\u00adbl\u00e8\u00admes de som\u00admeil des patient\u00b7es ?"},"content":{"rendered":"<p>La pri\u00adse en char\u00adge sys\u00adt\u00e9\u00adma\u00adtique de l\u2019insomnie et la mise en \u0153uvre du pro\u00adgram\u00adme favo\u00adri\u00adsent les \u00e9ch\u00adan\u00adges ent\u00adre les mem\u00adbres de l\u2019\u00e9quipe et con\u00adtri\u00adbuent ain\u00adsi au trai\u00adte\u00adment. En g\u00e9n\u00e9\u00adral, les trou\u00adbles du som\u00admeil sont d\u00e9j\u00e0 un sujet r\u00e9cur\u00adrent en ser\u00advices hos\u00adpi\u00adta\u00adliers, mobi\u00adli\u00adsant beau\u00adcoup de res\u00adsour\u00adce et d\u2019attention de la part de l\u2019\u00e9quipe soignan\u00adte. La mise en \u0153uvre du pro\u00adgram\u00adme SLEEP\u00adex\u00adpert ne con\u00adsti\u00adtue donc, \u00e0 pre\u00admi\u00e8\u00adre vue, pas une char\u00adge sup\u00adp\u00adl\u00e9\u00admen\u00adtai\u00adre. Une fois intro\u00adduit et \u00e9ta\u00adb\u00adli, il peut au con\u00adtrai\u00adre aider \u00e0 struc\u00adtu\u00adrer les exi\u00adgen\u00adces et \u00e0 les g\u00e9rer plus effi\u00adca\u00adce\u00adment.<\/p>\n","protected":false},"featured_media":0,"parent":0,"template":"","meta":{"_acf_changed":false,"wp_typography_post_enhancements_disabled":false},"faq-kategorie":[39],"class_list":["post-798","faq","type-faq","status-publish","hentry","faq-kategorie-situations-au-sein-de-lequipe-soignante"],"acf":[],"_links":{"self":[{"href":"https:\/\/www.sleepexpert.ch\/fr\/wp-json\/wp\/v2\/faq\/798","targetHints":{"allow":["GET"]}}],"collection":[{"href":"https:\/\/www.sleepexpert.ch\/fr\/wp-json\/wp\/v2\/faq"}],"about":[{"href":"https:\/\/www.sleepexpert.ch\/fr\/wp-json\/wp\/v2\/types\/faq"}],"wp:attachment":[{"href":"https:\/\/www.sleepexpert.ch\/fr\/wp-json\/wp\/v2\/media?parent=798"}],"wp:term":[{"taxonomy":"faq-kategorie","embeddable":true,"href":"https:\/\/www.sleepexpert.ch\/fr\/wp-json\/wp\/v2\/faq-kategorie?post=798"}],"curies":[{"name":"wp","href":"https:\/\/api.w.org\/{rel}","templated":true}]}}