{"id":784,"date":"2025-07-02T16:43:43","date_gmt":"2025-07-02T14:43:43","guid":{"rendered":"https:\/\/www.sleepexpert.ch\/faq\/quest-ce-que-lindice-de-severite-de-linsomnie-isi\/"},"modified":"2025-08-19T09:09:53","modified_gmt":"2025-08-19T07:09:53","slug":"quest-ce-que-lindice-de-severite-de-linsomnie-isi","status":"publish","type":"faq","link":"https:\/\/www.sleepexpert.ch\/fr\/faq\/quest-ce-que-lindice-de-severite-de-linsomnie-isi\/","title":{"rendered":"Qu\u2019est-ce que l\u2019Indice de S\u00e9v\u00e9\u00adri\u00adt\u00e9 de l\u2019Insomnie (ISI) ?"},"content":{"rendered":"<p>L\u2019Indice de S\u00e9v\u00e9\u00adri\u00adt\u00e9 de l\u2019Insomnie (ISI) est un que\u00adsti\u00adon\u00adn\u00adaire pou\u00advant \u00eatre rem\u00adpli par les patient\u00b7e\u00b7s en quel\u00adques minu\u00adtes et per\u00admet\u00adtant d\u2019\u00e9valuer la s\u00e9v\u00e9\u00adri\u00adt\u00e9 des trou\u00adbles de l\u2019insomnie. En cli\u00adni\u00adque, un score total \u2265 8 ori\u00aden\u00adte sur un trou\u00adble de l\u2019insomnie.<br>\nEn rai\u00adson des droits d\u2019auteur, ce que\u00adsti\u00adon\u00adn\u00adaire ne peut pas \u00eatre mis \u00e0 dis\u00adpo\u00adsi\u00adti\u00adon ici. Pour plus d\u2019informations, veuil\u00adlez cont\u00adac\u00adter <a href=\"mailto:contact@sleepexpert.ch\">contact@sleepexpert.ch<\/a>.<\/p>\n","protected":false},"featured_media":0,"parent":0,"template":"","meta":{"_acf_changed":false,"wp_typography_post_enhancements_disabled":false},"faq-kategorie":[37],"class_list":["post-784","faq","type-faq","status-publish","hentry","faq-kategorie-questions-generales-sur-sleepexpert"],"acf":[],"_links":{"self":[{"href":"https:\/\/www.sleepexpert.ch\/fr\/wp-json\/wp\/v2\/faq\/784","targetHints":{"allow":["GET"]}}],"collection":[{"href":"https:\/\/www.sleepexpert.ch\/fr\/wp-json\/wp\/v2\/faq"}],"about":[{"href":"https:\/\/www.sleepexpert.ch\/fr\/wp-json\/wp\/v2\/types\/faq"}],"wp:attachment":[{"href":"https:\/\/www.sleepexpert.ch\/fr\/wp-json\/wp\/v2\/media?parent=784"}],"wp:term":[{"taxonomy":"faq-kategorie","embeddable":true,"href":"https:\/\/www.sleepexpert.ch\/fr\/wp-json\/wp\/v2\/faq-kategorie?post=784"}],"curies":[{"name":"wp","href":"https:\/\/api.w.org\/{rel}","templated":true}]}}